{"id":1824,"date":"2025-06-06T18:53:42","date_gmt":"2025-06-06T16:53:42","guid":{"rendered":"https:\/\/pisa.wordcamp.org\/2025\/?page_id=1824"},"modified":"2026-09-01T12:19:38","modified_gmt":"2026-09-01T10:19:38","slug":"call-for-speakers","status":"publish","type":"page","link":"https:\/\/pisa.wordcamp.org\/2026\/call-for-speakers\/","title":{"rendered":"Cerchiamo speaker!"},"content":{"rendered":"\n<div class=\"wp-block-group alignwide is-layout-flow wp-block-group-is-layout-flow\">\n<p class=\"wp-block-paragraph\"><strong>La condivisione di esperienze e conoscenza \u00e8 il cuore di ogni&nbsp; WordCamp<\/strong>: c\u2019\u00e8 chi partecipa per la prima volta e vuole avvicinarsi a WordPress, e chi \u00e8 invece utente gi\u00e0 da tempo e vuole approfondire o scoprirne nuovi segreti.<\/p>\n\n\n\n<p class=\"wp-block-paragraph\"><strong>I WordCamp sono eventi aperti a chiunque voglia parteciparvi<\/strong>: designer, blogger, developer, marketer, copywriter e, in generale, persone appassionate e curiose.<\/p>\n\n\n\n<p class=\"wp-block-paragraph\">I WordCamp sono eventi <strong>inclusivi<\/strong> e <strong>accessibili<\/strong>. Siamo quindi felici di ospitare speaker di ogni et\u00e0, background e livello di esperienza.<\/p>\n\n\n\n<p class=\"wp-block-paragraph\">Non dovrai essere speaker professionista, solo essere competente nell\u2019argomento di cui parlerai, e voler condividere ci\u00f2 che sai: \u00e8 proprio lo spirito di condivisione che sostiene WordPress e la sua community.<\/p>\n\n\n\n<p class=\"wp-block-paragraph\">Se questa \u00e8 la tua prima esperienza come speaker o vorresti avere un feedback sul tuo talk, abbiamo anche un ottimo servizio di mentoring per aiutarti a mettere a punto la tua presentazione!<\/p>\n\n\n\n<p class=\"wp-block-paragraph\">Hai utilizzato WordPress per un tuo progetto personale? Vuoi condividere le tue soluzioni ad una problematica insolita, o raccontarci come \u00e8 nata la tua passione per WordPress?<\/p>\n\n\n\n<p class=\"wp-block-paragraph\">Benissimo! Le tue esperienze potrebbero essere di ispirazione per il pubblico del WordCamp e far crescere tutta la nostra meravigliosa community.<\/p>\n\n\n\n<div class=\"wp-block-group has-background has-global-padding is-layout-constrained wp-container-core-group-is-layout-a52ac317 wp-block-group-is-layout-constrained\" style=\"background-color:#ffdd0040;margin-top:var(--wp--preset--spacing--50);margin-bottom:var(--wp--preset--spacing--50);padding-top:var(--wp--preset--spacing--30);padding-right:var(--wp--preset--spacing--30);padding-bottom:var(--wp--preset--spacing--30);padding-left:var(--wp--preset--spacing--30)\">\n<ul class=\"wp-block-list\">\n<li><strong><a href=\"#argomenti\">Di quali argomenti posso parlare?<\/a><\/strong><\/li>\n\n\n\n<li><strong><a href=\"#formati\">Formato dei talk<\/a><\/strong><\/li>\n\n\n\n<li><strong><a href=\"#candidature\">Chi pu\u00f2 candidarsi per parlare?<\/a><\/strong><\/li>\n\n\n\n<li><strong><a href=\"#tempi-scadenze\">Tempi e scadenze<\/a><\/strong><\/li>\n\n\n\n<li><strong><a href=\"#altre-cose\">Altre cose da ricordare<\/a><\/strong><\/li>\n<\/ul>\n<\/div>\n\n\n\n<h2 id=\"argomenti\" class=\"wp-block-heading\" style=\"margin-top:var(--wp--preset--spacing--50)\"><strong>Di quali argomenti posso parlare?<\/strong><\/h2>\n\n\n\n<p class=\"wp-block-paragraph\">Puoi scegliere liberamente qualunque argomento che ti appassiona e di cui tu voglia parlare. Tieni comunque presente che un WordCamp \u00e8 un evento dedicato a WordPress e alla sua community, per cui restare in questo ambito potrebbe aiutare il tuo talk ad essere selezionato.<\/p>\n\n\n\n<p class=\"wp-block-paragraph\">Ecco qualche idea per argomenti che ci piacerebbe trattare.<\/p>\n\n\n\n<p class=\"wp-block-paragraph\"><strong>Sviluppo<\/strong><\/p>\n\n\n\n<ul class=\"wp-block-list\">\n<li>Integrazioni con terze parti (Gateway di pagamento, API\u2026)&nbsp;&nbsp;<\/li>\n\n\n\n<li>Headless CMS<\/li>\n\n\n\n<li>WordPress API<\/li>\n\n\n\n<li>PHP, HTML, CSS, JavaScript, ReactJS<\/li>\n\n\n\n<li>Block editor<\/li>\n\n\n\n<li>Estendere WordPress (sviluppo temi e plugin)<\/li>\n\n\n\n<li>FSE (Full Site Editing)<\/li>\n\n\n\n<li>Sicurezza di WordPress: Hosting, core, temi e plugin<\/li>\n\n\n\n<li>WordPress e Internet of Things<\/li>\n\n\n\n<li>Contribuire a WordPress<\/li>\n\n\n\n<li>Strumenti di sviluppo<\/li>\n\n\n\n<li>CI\/CD<\/li>\n\n\n\n<li>WordPress multisite<\/li>\n\n\n\n<li>AI e Machine Learning<\/li>\n<\/ul>\n\n\n\n<p class=\"wp-block-paragraph\"><strong>Business<\/strong><\/p>\n\n\n\n<ul class=\"wp-block-list\">\n<li>Modelli di business (meglio se etici e sostenibili)<\/li>\n\n\n\n<li>GDPR Compliance<\/li>\n\n\n\n<li>Manutenzione ed altri servizi<\/li>\n\n\n\n<li>Trovare, gestire e suppportare i clienti<\/li>\n\n\n\n<li>Vita ed esperienze da Freelance<\/li>\n\n\n\n<li>e-Commerce con WordPress<\/li>\n\n\n\n<li>SEO<\/li>\n\n\n\n<li>Universal accessibility<\/li>\n\n\n\n<li>Case history \/ Case study<\/li>\n<\/ul>\n\n\n\n<p class=\"wp-block-paragraph\"><strong>Comunit\u00e0 e Persone<\/strong><\/p>\n\n\n\n<ul class=\"wp-block-list\">\n<li>Come funziona WordPress e dove trovare aiuto<\/li>\n\n\n\n<li>Contribuire al progetto<\/li>\n\n\n\n<li>Lavorare con la the community<\/li>\n\n\n\n<li>La roadmap di WordPress<\/li>\n\n\n\n<li>Il futuro di WordPress<\/li>\n\n\n\n<li>Inclusione e accessibilit\u00e0 (in tutti i sensi)<\/li>\n\n\n\n<li>Problemi e sfide principali legate all\u2019uso di WordPress<\/li>\n\n\n\n<li>Eventi della Community<\/li>\n\n\n\n<li>Personal storytelling<\/li>\n\n\n\n<li>Open Source<\/li>\n<\/ul>\n\n\n\n<p class=\"wp-block-paragraph\"><strong>Design<\/strong><\/p>\n\n\n\n<ul class=\"wp-block-list\">\n<li>Font e caratteri tipografici<\/li>\n\n\n\n<li>Progettare per le performance<\/li>\n\n\n\n<li>Brand Identity<\/li>\n\n\n\n<li>Progettare per l\u2019accessibilit\u00e0 \/ WCAG 2<\/li>\n\n\n\n<li>Il presente e futuro del design<\/li>\n\n\n\n<li>Web design (metodi, best practice e idee brillanti)<\/li>\n\n\n\n<li>Strumenti di design per il web<\/li>\n\n\n\n<li>\u201cRegole\u201d per il design e la progettazione di siti&nbsp;<\/li>\n\n\n\n<li>Diritto d\u2019autore<\/li>\n<\/ul>\n\n\n\n<h2 id=\"formati\" class=\"wp-block-heading\" style=\"margin-top:var(--wp--preset--spacing--50)\"><strong>Formato dei talk<\/strong><\/h2>\n\n\n\n<p class=\"wp-block-paragraph\">Vogliamo creare un evento ricco ma che lasci anche spazio per socializzare, visitare i nostri sponsor e per muoversi senza troppa fretta tra una presentazione e l\u2019altra.<\/p>\n\n\n\n<p class=\"wp-block-paragraph\">Per questo abbiamo tre formati:<\/p>\n\n\n\n<ul class=\"wp-block-list\">\n<li><strong>Talk tradizionale<\/strong><strong><br><\/strong>30 minuti di tempo in totale a disposizione di ogni speaker, utilizzabili completamente per una presentazione lunga, oppure per un talk pi\u00f9 breve che lasci spazio per qualche domanda del pubblico alla fine.<br><\/li>\n\n\n\n<li><strong>Lightning talk<br><\/strong>Un talk da 10 minuti: presentazioni dritte al punto, pillole di conoscenza per argomenti pratici, tecnici, accorgimenti\u2026 o i vostri assi nella manica nell\u2019uso di WordPress.<br>Un formato breve per dare spazio fino a 3 speaker nell\u2019arco di mezz\u2019ora.<br><\/li>\n\n\n\n<li><strong>Panel<\/strong><br>Una tavola rotonda con un moderatore e diversi relatori che si confrontano su un argomento specifico relativo a WordPress in cui il pubblico \u00e8 parte integrante della discussione!<br>Durata 30 minuti.<br><\/li>\n<\/ul>\n\n\n\n<h2 id=\"candidature\" class=\"wp-block-heading\" style=\"margin-top:var(--wp--preset--spacing--50)\"><strong>Chi pu\u00f2 candidarsi per parlare?<\/strong><\/h2>\n\n\n\n<p class=\"wp-block-paragraph\">In breve: chiunque usi WordPress, a qualunque livello, incluso chi parla per la prima volta ad un evento. <strong>Si-pu\u00f2-fare!<\/strong><\/p>\n\n\n\n<p class=\"wp-block-paragraph\">WordCamp Pisa 2026 riflette i valori della Community di WordPress: incoraggiamo la partecipazione di chi non \u00e8 mai stat\u0259 sul palco, o chi non ha molte opportunit\u00e0 per farlo.&nbsp;<\/p>\n\n\n\n<p class=\"wp-block-paragraph\">Gli unici requisiti sono passione e conoscenza pratica dell\u2019argomento di cui parlerai.<\/p>\n\n\n\n<p class=\"wp-block-paragraph\">Se l\u2019idea di parlare al WordCamp Pisa ti solletica, ti aiuteremo a farlo! Abbiamo anche un programma di Mentoring per aiutare chi ha poca esperienza come speaker a prepararsi al meglio.<\/p>\n\n\n\n<h2 id=\"tempi-scadenze\" class=\"wp-block-heading\" style=\"margin-top:var(--wp--preset--spacing--50);margin-right:0;margin-bottom:0;margin-left:0\"><strong>Tempi e scadenze<\/strong><\/h2>\n\n\n\n<ul class=\"wp-block-list\">\n<li>8 maggio 2026 &#8211; Apertura call for speakers<\/li>\n\n\n\n<li>31 agosto 2026 &#8211; Chiusura call for speakers<\/li>\n\n\n\n<li>prima met\u00e0 di settembre 2026- Le persone candidate riceveranno una risposta<\/li>\n\n\n\n<li>seconda met\u00e0 settembre 2026 &#8211; Pubblicazione del programma<\/li>\n\n\n\n<li>19 ottobre 2026 &#8211; Termine per l\u2019invio delle slide<\/li>\n\n\n\n<li>Sabato 14 novembre 2026 &#8211; WordCamp Pisa 2026!<\/li>\n<\/ul>\n<\/div>\n\n\n\n<div class=\"wp-block-group alignwide is-layout-flow wp-block-group-is-layout-flow\">\n<h2 id=\"altre-cose\" class=\"wp-block-heading\">Altre cose da ricordare<\/h2>\n\n\n\n<ul class=\"wp-block-list\">\n<li><strong>Diamo il benvenuto a speaker di ogni et\u00e0 e background<\/strong>: i WordCamp sono eventi inclusivi e accessibili.<\/li>\n\n\n\n<li><strong>Non devi essere speaker professionista<\/strong>, ma ci aspettiamo che tu sia competente nell\u2019argomento di cui parlerai.<\/li>\n\n\n\n<li><strong>La tua presentazione non \u00e8 un mezzo per promuovere il tuo prodotto o servizio<\/strong>. Se la tua sessione spiega come hai usato WordPress per costruire qualcosa di interesse collettivo e vuoi presentare un case-study va benissimo, ma non sono ammessi messaggi di vendita (comprese slide con foto dei libri o corsi e link per l\u2019acquisto o coupon di sconto).<\/li>\n\n\n\n<li>Se la tua candidatura sar\u00e0 accettata, i testi che inserirai nei campi Bio, Titolo della sessione e Descrizione della sessione verranno usati nel sito: per favore, compila tutto con cura. Ci riserviamo la facolt\u00e0 di modificarli per coerenza con il resto dei testi.<\/li>\n\n\n\n<li>Ricorda la P maiuscola di WordPress e rispetta il <a href=\"http:\/\/wordpress.org\/about\/logos\/\"><strong>diritto d\u2019autore<\/strong><\/a> di WordPress.<\/li>\n\n\n\n<li>Se vuoi candidarti con pi\u00f9 proposte, compila il form per ogni singolo talk.<\/li>\n\n\n\n<li>Le slide dovranno essere consegnate <strong>entro il 19 ottobre.<\/strong><\/li>\n\n\n\n<li><strong>Nessun pagamento o rimborso \u00e8 dovuto ai relatori<\/strong>: i WordCamp si basano su contributi volontari di tutte le persone coinvolte.<\/li>\n\n\n\n<li><strong>Ti preghiamo di accettare queste regole solo se le hai davvero lette.<\/strong><\/li>\n<\/ul>\n\n\n\n<div style=\"height:100px\" aria-hidden=\"true\" class=\"wp-block-spacer\"><\/div>\n\n\n\n\n\n\n<div class=\"wcfd-disabled-form\"><div id=\"wcorg-login-message\" class=\"message\">\n<p>Prima di inviare la tua candidatura come speaker, <a href=\"https:\/\/login.wordpress.org\/?from=pisa.wordcamp.org&amp;redirect_to=https%3A%2F%2Fpisa.wordcamp.org%2F2026%2Fcall-for-speakers%2F&amp;locale=it_IT\">effettua l&#8217;accesso a WordCamp.org<\/a> utilizzando il tuo account <em><strong>WordPress.org<\/strong><\/em>.<\/p>\n\n<p>\nSe non hai un account, <a href=\"https:\/\/login.wordpress.org\/register?locale=it_IT&amp;redirect_to=https%3A%2F%2Flogin.wordpress.org%2F%3Ffrom%3Dpisa.wordcamp.org%26redirect_to%3Dhttps%253A%252F%252Fpisa.wordcamp.org%252F2026%252Fcall-for-speakers%252F%26locale%3Dit_IT\">creane uno<\/a>.<\/p>\n\n<p id=\"not-your-personal-site\">\n* Questo \u00e8 il tuo account per <a href=\"https:\/\/login.wordpress.org?locale=it_IT&amp;redirect_to=https:\/\/pisa.wordcamp.org\/2026\/call-for-speakers\/\">il sito ufficiale di WordPress.org<\/a>, non quello del tuo sito personale in WordPress.<\/p>\n<\/div><div class=\"wcfd-overlay\"><\/div><div inert><\/div><\/div><\/div>\n\n\n\n<div class=\"wp-block-group alignfull has-global-padding is-layout-constrained wp-container-core-group-is-layout-75f56b9d wp-block-group-is-layout-constrained\" style=\"min-height:0vh;margin-top:0;margin-bottom:0;padding-top:var(--wp--preset--spacing--70);padding-right:var(--wp--preset--spacing--40);padding-bottom:var(--wp--preset--spacing--70);padding-left:var(--wp--preset--spacing--40)\">\n<div class=\"wp-block-group has-global-padding is-layout-constrained wp-container-core-group-is-layout-f15145cb wp-block-group-is-layout-constrained\">\n<h2 class=\"wp-block-heading has-text-align-center has-xx-large-font-size\" style=\"margin-right:0;margin-left:0;padding-right:0;padding-left:0\">La call for speaker \u00e8 chiusa<\/h2>\n\n\n\n<p class=\"has-text-align-center wp-block-paragraph\">Grazie per le vostre candidature. Segui la pagina per il programma e assicurati di comprare il biglietto per partecipare all&#8217;evento! <\/p>\n\n\n\n<div class=\"wp-block-buttons is-content-justification-center is-layout-flex wp-container-core-buttons-is-layout-35f06ea7 wp-block-buttons-is-layout-flex\">\n<div class=\"wp-block-button\"><a class=\"wp-block-button__link wp-element-button\" href=\"https:\/\/pisa.wordcamp.org\/2026\/tickets\/\">Biglietti<\/a><\/div>\n<\/div>\n<\/div>\n<\/div>\n","protected":false},"excerpt":{"rendered":"<p>La condivisione di esperienze e conoscenza \u00e8 il cuore di ogni&nbsp; WordCamp: c\u2019\u00e8 chi partecipa per la prima volta e vuole avvicinarsi a WordPress, e chi \u00e8 invece utente gi\u00e0 da tempo e vuole approfondire o scoprirne nuovi segreti. I WordCamp sono eventi aperti a chiunque voglia parteciparvi: designer, blogger, developer, marketer, copywriter e, in [&hellip;]<\/p>\n","protected":false},"author":287655,"featured_media":0,"parent":0,"menu_order":0,"comment_status":"closed","ping_status":"closed","template":"","meta":{"advanced_seo_description":"","jetpack_seo_html_title":"","jetpack_seo_noindex":false,"jetpack_seo_schema_type":"","_nakedcatplugins_page_lang":"","_nakedcatplugins_page_dir":"ltr","footnotes":""},"class_list":["post-1824","page","type-page","status-publish","hentry"],"jetpack_sharing_enabled":true,"jetpack_shortlink":"https:\/\/wp.me\/Ph7gs2-tq","_links":{"self":[{"href":"https:\/\/pisa.wordcamp.org\/2026\/wp-json\/wp\/v2\/pages\/1824","targetHints":{"allow":["GET"]}}],"collection":[{"href":"https:\/\/pisa.wordcamp.org\/2026\/wp-json\/wp\/v2\/pages"}],"about":[{"href":"https:\/\/pisa.wordcamp.org\/2026\/wp-json\/wp\/v2\/types\/page"}],"author":[{"embeddable":true,"href":"https:\/\/pisa.wordcamp.org\/2026\/wp-json\/wp\/v2\/users\/287655"}],"replies":[{"embeddable":true,"href":"https:\/\/pisa.wordcamp.org\/2026\/wp-json\/wp\/v2\/comments?post=1824"}],"version-history":[{"count":18,"href":"https:\/\/pisa.wordcamp.org\/2026\/wp-json\/wp\/v2\/pages\/1824\/revisions"}],"predecessor-version":[{"id":4793,"href":"https:\/\/pisa.wordcamp.org\/2026\/wp-json\/wp\/v2\/pages\/1824\/revisions\/4793"}],"wp:attachment":[{"href":"https:\/\/pisa.wordcamp.org\/2026\/wp-json\/wp\/v2\/media?parent=1824"}],"curies":[{"name":"wp","href":"https:\/\/api.w.org\/{rel}","templated":true}]}}